{"id":15,"date":"2020-01-26T12:46:49","date_gmt":"2020-01-26T12:46:49","guid":{"rendered":"http:\/\/test.charmeundstil.de\/?page_id=15"},"modified":"2025-03-12T12:33:51","modified_gmt":"2025-03-12T12:33:51","slug":"buch-und-autor","status":"publish","type":"page","link":"https:\/\/www.charmeundstil.de\/?page_id=15","title":{"rendered":"Buch und Autor"},"content":{"rendered":"\n<h4 class=\"has-text-align-center has-cyan-bluish-gray-color has-text-color\"><em>Hier m\u00f6chte ich Euch meine B\u00fccher vorstellen<\/em><\/h4>\n\n\n\n<p><\/p>\n\n\n\n<div class=\"wp-block-media-text alignwide is-stacked-on-mobile\" style=\"grid-template-columns:25% auto\"><figure class=\"wp-block-media-text__media\"><img loading=\"lazy\" width=\"671\" height=\"1024\" src=\"https:\/\/www.charmeundstil.de\/wp-content\/uploads\/2022\/04\/img057-671x1024.jpg\" alt=\"\" class=\"wp-image-292 size-medium\" srcset=\"https:\/\/www.charmeundstil.de\/wp-content\/uploads\/2022\/04\/img057-671x1024.jpg 671w, https:\/\/www.charmeundstil.de\/wp-content\/uploads\/2022\/04\/img057-197x300.jpg 197w, https:\/\/www.charmeundstil.de\/wp-content\/uploads\/2022\/04\/img057-768x1172.jpg 768w, https:\/\/www.charmeundstil.de\/wp-content\/uploads\/2022\/04\/img057-1007x1536.jpg 1007w, https:\/\/www.charmeundstil.de\/wp-content\/uploads\/2022\/04\/img057.jpg 1140w\" sizes=\"(max-width: 671px) 100vw, 671px\" \/><\/figure><div class=\"wp-block-media-text__content\">\n<p class=\"has-drop-cap\" style=\"font-size:15px\">Gut gehalten, gut gepflegt,<br>68 Jahre lang viel erlebt.<br>Begegnungen mit Menschen aller Art<br>Brachten meine Fantasie in Fahrt.<br>Bin gerne fr\u00f6hlich und liebe die Natur<br>und brech\u2018 auch mal aus, aus meiner Spur.<br>Deshalb wandere ich in diesem Jahr aus,<br>in Kroatien wartet ein kleines Haus.<br>Das steht zwischen Weinst\u00f6cken, Oliven- und Feigenb\u00e4umen,<br>viel Platz zum Schreiben, Malen, Tr\u00e4umen.<br>Weit weg von Werbung, Konsum und Kommerz,<br>was hier so sehr beschwert mein Herz.<br>Das Leben bleibt spannend, das h\u00e4lt mich fit,<br>und ich hoffe, ich nehm\u2018 meine Leser mit.<\/p>\n<\/div><\/div>\n\n\n\n<p><\/p>\n\n\n\n<p>Anneliese Axthelm<\/p>\n\n\n\n<p><\/p>\n\n\n\n<div style=\"height:100px\" aria-hidden=\"true\" class=\"wp-block-spacer\"><\/div>\n\n\n\n<hr class=\"wp-block-separator is-style-wide\"\/>\n\n\n\n<p>7. November 2024<\/p>\n\n\n\n<h2><em>Wenn deine Worte nicht reichen, nimm doch Meine<\/em><\/h2>\n\n\n\n<p><em>Gedichte f\u00fcr alle Lebenslagen<\/em><\/p>\n\n\n\n<figure class=\"wp-block-image size-large is-resized\"><img loading=\"lazy\" src=\"https:\/\/www.charmeundstil.de\/wp-content\/uploads\/2025\/03\/img096-715x1024.jpg\" alt=\"\" class=\"wp-image-348\" width=\"339\" height=\"486\"\/><\/figure>\n\n\n\n<p>Neues Buch mit einer kleinen <a href=\"https:\/\/www.charmeundstil.de\/?page_id=351\">Leseprobe<\/a>.<\/p>\n\n\n\n<hr class=\"wp-block-separator is-style-wide\"\/>\n\n\n\n<p><\/p>\n\n\n\n<h2><em>Magen an Zunge<\/em><\/h2>\n\n\n\n<p class=\"has-medium-font-size\"><em>von der Wiege bis zur Bahre, schicken die Organe ihre Kommentare<\/em><\/p>\n\n\n\n<p>Neues Buch mit einer kleinen <a href=\"https:\/\/www.charmeundstil.de\/?page_id=315\" data-type=\"page\" data-id=\"315\">Leseprobe. <\/a><\/p>\n\n\n\n<hr class=\"wp-block-separator is-style-wide\"\/>\n\n\n\n<h2><em>Die schwarze Toesca &#8211; Segen und Fluch einer H\u00f6hle<\/em><\/h2>\n\n\n\n<div class=\"wp-block-columns\">\n<div class=\"wp-block-column\" style=\"flex-basis:33.33%\">\n<figure class=\"wp-block-image size-large\"><img loading=\"lazy\" width=\"544\" height=\"772\" src=\"http:\/\/test.charmeundstil.de\/wp-content\/uploads\/2021\/04\/toesca_cover-2.jpg\" alt=\"\" class=\"wp-image-84\" srcset=\"https:\/\/www.charmeundstil.de\/wp-content\/uploads\/2021\/04\/toesca_cover-2.jpg 544w, https:\/\/www.charmeundstil.de\/wp-content\/uploads\/2021\/04\/toesca_cover-2-211x300.jpg 211w\" sizes=\"(max-width: 544px) 100vw, 544px\" \/><\/figure>\n<\/div>\n\n\n\n<div class=\"wp-block-column\" style=\"flex-basis:66.66%\">\n<p class=\"has-drop-cap\">Peter, ein Mann Anfang 40, entdeckt durch Zufall eine H\u00f6hle. Als Mitglied eines H\u00f6hlenvereins kennt er sich mit H\u00f6hlen bestens aus, aber jede neue H\u00f6hle will entdeckt werden. So macht er sich auf, diese zu erkunden und steckt seine ganze Freizeit in diese Arbeit. Der Gedanke an seine erste gro\u00dfe Liebe Toesca dr\u00e4ngt ihn zur Namensgebung der H\u00f6hle. Es bleibt aber vorerst sein Geheimnis. Erst als er einen alten Schulfreund wieder trifft, ist er froh, endlich sein Geheimnis mit jemandem teilen zu k\u00f6nnen. Dann nehmen die Geschehnisse ihren Lauf und enden in einer Katastrophe. Segen und Fluch beim Entdecken dieser H\u00f6hle emotional bis zum Ende.<\/p>\n\n\n\n<p>Das Buch ist erh\u00e4ltlich auf Anfrage per Email unter <strong>mail (at) charmeundstil.de<\/strong>.<\/p>\n<\/div>\n<\/div>\n\n\n\n<hr class=\"wp-block-separator is-style-wide\"\/>\n\n\n\n<p><\/p>\n\n\n\n<h2><strong><strong>Mein Hochzeitstag und das neue Leben eines Anderen<\/strong><\/strong><\/h2>\n\n\n\n<div class=\"wp-block-columns\">\n<div class=\"wp-block-column\" style=\"flex-basis:33.33%\">\n<figure class=\"wp-block-image size-large\"><img loading=\"lazy\" width=\"937\" height=\"669\" src=\"http:\/\/test.charmeundstil.de\/wp-content\/uploads\/2021\/04\/buchcover_neu-1.jpg\" alt=\"\" class=\"wp-image-108\" srcset=\"https:\/\/www.charmeundstil.de\/wp-content\/uploads\/2021\/04\/buchcover_neu-1.jpg 937w, https:\/\/www.charmeundstil.de\/wp-content\/uploads\/2021\/04\/buchcover_neu-1-300x214.jpg 300w, https:\/\/www.charmeundstil.de\/wp-content\/uploads\/2021\/04\/buchcover_neu-1-768x548.jpg 768w\" sizes=\"(max-width: 937px) 100vw, 937px\" \/><\/figure>\n<\/div>\n\n\n\n<div class=\"wp-block-column\" style=\"flex-basis:66.66%\">\n<p class=\"has-drop-cap\">Eine junge Frau l\u00e4sst sich typisieren, ohne zu wissen, was Jahre sp\u00e4ter auf sie zukommt, als sie f\u00fcr einen Leuk\u00e4miepatienten zun\u00e4chst f\u00fcr eine Best\u00e4tigungstypisierung angefordert wird. Eine Herausforderung f\u00fcr sie und ihre Familie. Zum gleichen Zeitpunkt erkrankt ein junger Mann an Leuk\u00e4mie. Eine Trag\u00f6die, wie nur der wei\u00df, der so etwas in seinem Umfeld oder selber erlebte. Gedacht ist das Buch als Dankesch\u00f6n an die vielen Spender, die zum Teil mehrfach f\u00fcr einen, ihnen unbekannten Leuk\u00e4miepatienten gespendet haben, um diesem die Hoffnung auf Heilung und eine 2. Chance zum Leben geben. Den Leuk\u00e4miepatienten gibt dieses Buch Kraft zum Durchhalten, denn sie gehen durch die H\u00f6lle.<\/p>\n<\/div>\n<\/div>\n\n\n\n<hr class=\"wp-block-separator aligncenter is-style-wide\"\/>\n\n\n\n<p><\/p>\n\n\n\n<h2><strong>Spendertreffen der Stammzelldatei Dessau am 23. September 2016.<\/strong><\/h2>\n\n\n\n<div class=\"wp-block-columns\">\n<div class=\"wp-block-column\" style=\"flex-basis:33.33%\">\n<figure class=\"wp-block-image size-large\"><img loading=\"lazy\" width=\"1024\" height=\"768\" src=\"http:\/\/test.charmeundstil.de\/wp-content\/uploads\/2021\/04\/001-1024x768.jpg\" alt=\"\" class=\"wp-image-95\" srcset=\"https:\/\/www.charmeundstil.de\/wp-content\/uploads\/2021\/04\/001-1024x768.jpg 1024w, https:\/\/www.charmeundstil.de\/wp-content\/uploads\/2021\/04\/001-300x225.jpg 300w, https:\/\/www.charmeundstil.de\/wp-content\/uploads\/2021\/04\/001-768x576.jpg 768w, https:\/\/www.charmeundstil.de\/wp-content\/uploads\/2021\/04\/001-1140x855.jpg 1140w, https:\/\/www.charmeundstil.de\/wp-content\/uploads\/2021\/04\/001.jpg 1280w\" sizes=\"(max-width: 1024px) 100vw, 1024px\" \/><\/figure>\n<\/div>\n\n\n\n<div class=\"wp-block-column\" style=\"flex-basis:66.66%\">\n<p class=\"has-drop-cap\">Ein Buch zu schreiben und schon vorweg zu wissen, wer es einmal liest, kommt wahrscheinlich nicht so oft vor. In meinem Fall wusste ich es genau, denn es war schon im Vorfeld daf\u00fcr gedacht, den Stammzellspender mit einem Buch zu danken, indem sie sich als Spender an irgendeiner Stelle im Buch wiederfinden k\u00f6nnen. Es ist die fiktive Geschichte einer Stammzellspende aus Sicht einer Spenderin. Eine Stammzellspende bleibt nicht im Verborgenen. Die Familie, Arbeitskollegen und Freundeskreis ist oft involviert. Genauso wie der Patient, f\u00fcr den der Spender\/in bereit steht und die \u00c4rzte, die ihn behandeln, die Mitarbeiter der Spenderdatei, die den Spender betreuen, diese alle finden sich in diesem Buch wieder.<\/p>\n\n\n\n<p>Deshalb freut es mich sehr, dass ich am 23. September 2016 zur Spenderehrung der Stammzelldatei Dessau eingeladen war. In dieser, mit Emotionen angef\u00fcllten Feierstunde, las ich einige Kapitel aus meinem Buch. Ich kenne die Szenen im Buch aus dem FF, aber auch ich musste innehalten, um meine Tr\u00e4nen zu verbergen. Denn das, was ich in meinem Buch thematisiert hatte, erz\u00e4hlten die Spender und ihre Empf\u00e4nger in bewegenden Geschichten den versammelten G\u00e4sten.<\/p>\n\n\n\n<p>Die Spender und Patienten freuten sich sehr \u00fcber dieses Geschenk. Jedes der B\u00fccher enthielt folgende Widmung:<br>\u201eDas Leben ist der Weg zwischen Licht und Schatten. Ihn mit Kraft, Mut und Gelassenheit zu gehen wird immer eine Herausforderung bleiben.\u201c<\/p>\n\n\n\n<p>Die gute Stimmung auf diesem Fest gebe ich in einer Bildergalerie wieder.<\/p>\n\n\n\n<p>Ihre Autorin<\/p>\n\n\n\n<p>Anneliese Axthelm<\/p>\n<\/div>\n<\/div>\n\n\n\n<p class=\"has-drop-cap\"><\/p>\n","protected":false},"excerpt":{"rendered":"<p>Hier m\u00f6chte ich Euch meine B\u00fccher vorstellen Gut gehalten, gut gepflegt,68 Jahre lang viel erlebt.Begegnungen mit Menschen aller ArtBrachten meine Fantasie in Fahrt.Bin gerne fr\u00f6hlich und liebe die Naturund brech\u2018 auch mal aus, aus meiner Spur.Deshalb wandere ich in diesem Jahr aus,in Kroatien wartet ein kleines Haus.Das steht zwischen Weinst\u00f6cken, Oliven- und Feigenb\u00e4umen,viel Platz zum Schreiben, Malen, Tr\u00e4umen.Weit weg von Werbung, Konsum und Kommerz,was hier so sehr beschwert mein Herz.Das Leben bleibt spannend, das h\u00e4lt mich fit,und ich hoffe, ich nehm\u2018 meine Leser mit. Anneliese Axthelm 7. November 2024 Wenn deine Worte nicht reichen, nimm doch Meine Gedichte f\u00fcr alle Lebenslagen Neues Buch mit einer kleinen Leseprobe. Magen an Zunge von der Wiege bis zur Bahre, schicken die Organe ihre Kommentare Neues Buch mit einer kleinen Leseprobe. Die schwarze Toesca &#8211; Segen und Fluch einer H\u00f6hle Peter, ein Mann Anfang 40, entdeckt durch Zufall eine H\u00f6hle. Als Mitglied eines H\u00f6hlenvereins kennt er sich mit H\u00f6hlen bestens aus, aber jede neue H\u00f6hle will entdeckt werden. So macht er sich auf, diese zu erkunden und steckt seine ganze Freizeit in diese Arbeit. Der Gedanke an seine erste gro\u00dfe Liebe Toesca dr\u00e4ngt ihn zur Namensgebung der H\u00f6hle. Es bleibt aber vorerst sein Geheimnis. Erst als er einen alten Schulfreund wieder trifft, ist er froh, endlich sein Geheimnis mit jemandem teilen zu k\u00f6nnen. Dann nehmen die Geschehnisse ihren Lauf und enden in einer Katastrophe. Segen und Fluch beim Entdecken dieser H\u00f6hle emotional bis zum Ende. Das Buch ist erh\u00e4ltlich auf Anfrage per Email unter mail (at) charmeundstil.de. Mein Hochzeitstag und das neue Leben eines Anderen Eine junge Frau l\u00e4sst sich typisieren, ohne zu wissen, was Jahre sp\u00e4ter auf sie zukommt, als sie f\u00fcr einen Leuk\u00e4miepatienten zun\u00e4chst f\u00fcr eine Best\u00e4tigungstypisierung angefordert wird. Eine Herausforderung f\u00fcr sie und ihre Familie. Zum gleichen Zeitpunkt erkrankt ein junger Mann an Leuk\u00e4mie. Eine Trag\u00f6die, wie nur der wei\u00df, der so etwas in seinem Umfeld oder selber erlebte. Gedacht ist das Buch als Dankesch\u00f6n an die vielen Spender, die zum Teil mehrfach f\u00fcr einen, ihnen unbekannten Leuk\u00e4miepatienten gespendet haben, um diesem die Hoffnung auf Heilung und eine 2. Chance zum Leben geben. Den Leuk\u00e4miepatienten gibt dieses Buch Kraft zum Durchhalten, denn sie gehen durch die H\u00f6lle. Spendertreffen der Stammzelldatei Dessau am 23. September 2016. Ein Buch zu schreiben und schon vorweg zu wissen, wer es einmal liest, kommt wahrscheinlich nicht so oft vor. In meinem Fall wusste ich es genau, denn es war schon im Vorfeld daf\u00fcr gedacht, den Stammzellspender mit einem Buch zu danken, indem sie sich als Spender an irgendeiner Stelle im Buch wiederfinden k\u00f6nnen. Es ist die fiktive Geschichte einer Stammzellspende aus Sicht einer Spenderin. Eine Stammzellspende bleibt nicht im Verborgenen. Die Familie, Arbeitskollegen und Freundeskreis ist oft involviert. Genauso wie der Patient, f\u00fcr den der Spender\/in bereit steht und die \u00c4rzte, die ihn behandeln, die Mitarbeiter der Spenderdatei, die den Spender betreuen, diese alle finden sich in diesem Buch wieder. Deshalb freut es mich sehr, dass ich am 23. September 2016 zur Spenderehrung der Stammzelldatei Dessau eingeladen war. In dieser, mit Emotionen angef\u00fcllten Feierstunde, las ich einige Kapitel aus meinem Buch. Ich kenne die Szenen im Buch aus dem FF, aber auch ich musste innehalten, um meine Tr\u00e4nen zu verbergen. Denn das, was ich in meinem Buch thematisiert hatte, erz\u00e4hlten die Spender und ihre Empf\u00e4nger in bewegenden Geschichten den versammelten G\u00e4sten. Die Spender und Patienten freuten sich sehr \u00fcber dieses Geschenk. Jedes der B\u00fccher enthielt folgende Widmung:\u201eDas Leben ist der Weg zwischen Licht und Schatten. Ihn mit Kraft, Mut und Gelassenheit zu gehen wird immer eine Herausforderung bleiben.\u201c Die gute Stimmung auf diesem Fest gebe ich in einer Bildergalerie wieder. Ihre Autorin Anneliese Axthelm<\/p>\n","protected":false},"author":1,"featured_media":0,"parent":0,"menu_order":0,"comment_status":"closed","ping_status":"closed","template":"","meta":[],"_links":{"self":[{"href":"https:\/\/www.charmeundstil.de\/index.php?rest_route=\/wp\/v2\/pages\/15"}],"collection":[{"href":"https:\/\/www.charmeundstil.de\/index.php?rest_route=\/wp\/v2\/pages"}],"about":[{"href":"https:\/\/www.charmeundstil.de\/index.php?rest_route=\/wp\/v2\/types\/page"}],"author":[{"embeddable":true,"href":"https:\/\/www.charmeundstil.de\/index.php?rest_route=\/wp\/v2\/users\/1"}],"replies":[{"embeddable":true,"href":"https:\/\/www.charmeundstil.de\/index.php?rest_route=%2Fwp%2Fv2%2Fcomments&post=15"}],"version-history":[{"count":53,"href":"https:\/\/www.charmeundstil.de\/index.php?rest_route=\/wp\/v2\/pages\/15\/revisions"}],"predecessor-version":[{"id":396,"href":"https:\/\/www.charmeundstil.de\/index.php?rest_route=\/wp\/v2\/pages\/15\/revisions\/396"}],"wp:attachment":[{"href":"https:\/\/www.charmeundstil.de\/index.php?rest_route=%2Fwp%2Fv2%2Fmedia&parent=15"}],"curies":[{"name":"wp","href":"https:\/\/api.w.org\/{rel}","templated":true}]}}